{"id":15197,"date":"2019-07-15T09:33:58","date_gmt":"2019-07-15T09:33:58","guid":{"rendered":"https:\/\/www.polypal.com\/blog\/door-type\/porte-perforee"},"modified":"2019-07-15T09:33:58","modified_gmt":"2019-07-15T09:33:58","slug":"porte-perforee","status":"publish","type":"door-type","link":"https:\/\/www.polypal.com\/be-fr\/door-type\/porte-perforee\/","title":{"rendered":"Porte perfor\u00e9e"},"content":{"rendered":"<p>Fournit une ventilation suppl\u00e9mentaire aux compartiments des casiers, ils sont particuli\u00e8rement indiqu\u00e9s pour les lieux ou les v\u00eatements mouill\u00e9s et les odeurs sont un probl\u00e8me et ou une ventilation accrue est requise.<\/p>\n","protected":false},"excerpt":{"rendered":"<p>Fournit une ventilation suppl\u00e9mentaire aux compartiments des casiers, ils sont particuli\u00e8rement indiqu\u00e9s pour les lieux ou les v\u00eatements mouill\u00e9s et les odeurs sont un probl\u00e8me et ou une ventilation accrue est requise.<\/p>\n","protected":false},"featured_media":22003,"menu_order":0,"template":"","meta":{"content-type":"","footnotes":""},"class_list":["post-15197","door-type","type-door-type","status-publish","has-post-thumbnail","hentry"],"_links":{"self":[{"href":"https:\/\/www.polypal.com\/be-fr\/wp-json\/wp\/v2\/door-type\/15197","targetHints":{"allow":["GET"]}}],"collection":[{"href":"https:\/\/www.polypal.com\/be-fr\/wp-json\/wp\/v2\/door-type"}],"about":[{"href":"https:\/\/www.polypal.com\/be-fr\/wp-json\/wp\/v2\/types\/door-type"}],"version-history":[{"count":0,"href":"https:\/\/www.polypal.com\/be-fr\/wp-json\/wp\/v2\/door-type\/15197\/revisions"}],"wp:featuredmedia":[{"embeddable":true,"href":"https:\/\/www.polypal.com\/be-fr\/wp-json\/wp\/v2\/media\/22003"}],"wp:attachment":[{"href":"https:\/\/www.polypal.com\/be-fr\/wp-json\/wp\/v2\/media?parent=15197"}],"curies":[{"name":"wp","href":"https:\/\/api.w.org\/{rel}","templated":true}]}}